{"id":1099,"date":"2020-04-24T17:31:11","date_gmt":"2020-04-24T15:31:11","guid":{"rendered":"http:\/\/minerva.mtak.hu\/?page_id=1099"},"modified":"2020-05-04T12:22:17","modified_gmt":"2020-05-04T10:22:17","slug":"elofizeteses-adatbazisok-az-mta-kik-ben-nyelveszet","status":"publish","type":"page","link":"https:\/\/minerva.mtak.hu\/?page_id=1099","title":{"rendered":"El\u0151fizet\u00e9ses adatb\u00e1zisok az MTA KIK-ben &#8211; nyelvtudom\u00e1ny"},"content":{"rendered":"<h2><a href=\"https:\/\/jstor.org\" target=\"_blank\" rel=\"noopener noreferrer\">JSTOR<\/a><\/h2>\n<p style=\"text-align: justify;\"><img loading=\"lazy\" decoding=\"async\" class=\"alignleft\" src=\"https:\/\/i1.wp.com\/minerva.mtak.hu\/wp-content\/uploads\/2020\/04\/JSTOR_logo.png?zoom=2&amp;resize=177%2C221\" alt=\"\" width=\"50\" height=\"63\">Az egyik legnagyobb \u00e9s legkedveltebb arch\u00edv foly\u00f3irat-adatb\u00e1zis. 60 tudom\u00e1ny\u00e1g t\u00f6bb mint 2700 foly\u00f3irat\u00e1nak teljes sz\u00f6veg\u00e9t tartalmazza az utols\u00f3 2-5 \u00e9v kiv\u00e9tel\u00e9vel.<\/p>\n<p><a href=\"https:\/\/www.jstor.org\/subject\/literature\" target=\"_blank\" rel=\"noopener noreferrer\"><strong>Language&amp;Literature<\/strong><\/a> &#8211; foly\u00f3iratok, k\u00f6nyvek, keres\u00e9s<\/p>\n\n\n<hr class=\"wp-block-separator\"\/>\n\n\n<h2><a href=\"http:\/\/muse.jhu.edu\/\" target=\"_blank\" rel=\"noopener noreferrer\">Project Muse<\/a><\/h2>\n<p><img loading=\"lazy\" decoding=\"async\" class=\"alignleft\" src=\"https:\/\/i0.wp.com\/minerva.mtak.hu\/wp-content\/uploads\/2020\/04\/project-muse-logo.jpg?resize=300%2C205\" alt=\"\" width=\"73\" height=\"50\" \/>Az adatb\u00e1zisban els\u0151sorban egyetemi kiad\u00f3k mintegy 700 foly\u00f3irata \u00e9rhet\u0151 el teljes sz\u00f6veggel.<\/p>\n<p><a href=\"https:\/\/muse.jhu.edu\/search?action=browse&amp;limit=subscription:n&amp;limit=discipline_id:94&amp;min=1&amp;max=10&amp;t=discipline_facet_select\" target=\"_blank\" rel=\"noopener noreferrer\"><strong>Language &amp; Linguistics<\/strong><\/a> &#8211; foly\u00f3iratok, k\u00f6nyvek, b\u00f6ng\u00e9sz\u00e9s<\/p>\n\n\n<hr class=\"wp-block-separator\"\/>\n\n\n\n<h2><a href=\"https:\/\/academic.oup.com\/journals\/pages\/arts_and_humanities\" target=\"_blank\" rel=\"noopener noreferrer\">Oxford University Press Journals<\/a> <em>(Arts &amp; Humanities)<\/em><\/h2>\n<p style=\"text-align: justify;\"><img loading=\"lazy\" decoding=\"async\" class=\"alignleft\" src=\"https:\/\/i1.wp.com\/minerva.mtak.hu\/wp-content\/uploads\/2020\/04\/OUP_logo.png?w=300\" alt=\"\" width=\"50\" height=\"50\">A teljes sz\u00f6veg\u0171 b\u00f6lcs\u00e9szettudom\u00e1nyi foly\u00f3iratadatb\u00e1zisban t\u00f6bb mint 80 foly\u00f3irat \u00e9rhet\u0151 el 1996-t\u00f3l kezdve.<\/p>\n\n\n\n<hr class=\"wp-block-separator\"\/>\n\n\n\n<h2><a href=\"https:\/\/www.cambridge.org\/core\" target=\"_blank\" rel=\"noopener noreferrer\">Cambridge Journals<\/a> <em>(HSS Collection)<\/em><\/h2>\n<p style=\"text-align: justify;\"><img loading=\"lazy\" decoding=\"async\" class=\"alignleft\" src=\"https:\/\/i1.wp.com\/minerva.mtak.hu\/wp-content\/uploads\/2020\/04\/CUP_logo.jpg?w=360\" alt=\"\" width=\"50\" height=\"50\">Az adatb\u00e1zisban a Cambridge University Press t\u00f6bb mint 250 hum\u00e1n \u00e9s t\u00e1rsadalomtudom\u00e1nyi&nbsp; foly\u00f3irat\u00e1nak teljes sz\u00f6vege \u00e9rhet\u0151 el 2014-2019-ig.<\/p>\n<p><a href=\"https:\/\/www.cambridge.org\/core\/browse-subjects\/language-and-linguistics\" target=\"_blank\" rel=\"noopener noreferrer\">Language &amp; Linguistics<\/a><\/p>\n\n\n\n<hr class=\"wp-block-separator\"\/>\n\n\n\n<h2><a href=\"https:\/\/www.degruyter.com\/browse?type_0=journals\" target=\"_blank\" rel=\"noopener noreferrer\">De Gruyter Journals<\/a> <em>(SSH Package)<\/em><\/h2>\n<p style=\"text-align: justify;\"><img loading=\"lazy\" decoding=\"async\" class=\"alignleft\" src=\"https:\/\/i0.wp.com\/minerva.mtak.hu\/wp-content\/uploads\/2020\/04\/de_gruyter_logo.jpg?w=300\" alt=\"\" width=\"50\" height=\"50\" \/>De Gruyter kiad\u00f3 t\u00f6bb mint 350 online hum\u00e1n \u00e9s t\u00e1rsadalomtudom\u00e1nyi foly\u00f3irat\u00e1t \u00e9s tov\u00e1bbi 400 open access foly\u00f3iratot tartalmaz 1995-t\u0151l napjainkig.<\/p>\n\n\n\n<hr class=\"wp-block-separator\"\/>\n\n\n\n<h2 style=\"text-align: left;\"><a href=\"https:\/\/www.degruyter.com\/view\/db\/tll\" target=\"_blank\" rel=\"noopener noreferrer\"><b>De Gruyter \u2013 Thesaurus Linguae Latinae (TLL) Online<\/b><\/a><\/h2>\n<p style=\"text-align: justify;\"><img loading=\"lazy\" decoding=\"async\" class=\"alignleft\" src=\"https:\/\/i0.wp.com\/minerva.mtak.hu\/wp-content\/uploads\/2020\/04\/de_gruyter_logo.jpg?w=300\" alt=\"\" width=\"50\" height=\"50\" \/>A De Gruyter adatb\u00e1zisa elektronikusan hozz\u00e1f\u00e9rhet\u0151v\u00e9 teszi a Bibliotheca Teubneriana sorozat \u00f6sszes latin nyelv\u0171 sz\u00f6veg\u00e9t az antikvit\u00e1st\u00f3l a k\u00f6z\u00e9pkori \u00e9s az \u00fajlatin sz\u00f6vegeml\u00e9kekig.<\/p>\n\n\n\n<hr class=\"wp-block-separator\"\/>\n\n\n\n<h2><a href=\"https:\/\/link.springer.com\/\" target=\"_blank\" rel=\"noopener noreferrer\">SpringerLink<\/a><\/h2>\n<p style=\"text-align: justify;\"><img loading=\"lazy\" decoding=\"async\" class=\"alignleft\" src=\"https:\/\/i0.wp.com\/minerva.mtak.hu\/wp-content\/uploads\/2020\/04\/springer_logo.png?resize=51%2C51\" alt=\"\" width=\"50\" height=\"50\" \/>A Springer Nature kiad\u00f3 teljes sz\u00f6veg\u0171 multidiszciplin\u00e1ris adatb\u00e1zisa 9 milli\u00f3 tanulm\u00e1nyt tartalmaz 1997-t\u0151l napjainkig, els\u0151sorban m\u0171szaki term\u00e9szet- \u00e9s orvostudom\u00e1nyi ter\u00fcleten.<\/p>\n<p><a href=\"https:\/\/link.springer.com\/search?query=&amp;facet-discipline=%22Linguistics%22\" target=\"_blank\" rel=\"noopener noreferrer\">Linguistics<\/a><\/p>\n\n\n\n<hr class=\"wp-block-separator\"\/>\n\n\n\n<h2><a href=\"http:\/\/akademiai.com\/\" target=\"_blank\" rel=\"noopener noreferrer\">Az Akad\u00e9miai Kiad\u00f3 foly\u00f3iratai<\/a><\/h2>\n<p style=\"text-align: justify;\"><img loading=\"lazy\" decoding=\"async\" class=\"alignleft\" src=\"https:\/\/i0.wp.com\/minerva.mtak.hu\/wp-content\/uploads\/2020\/04\/AKJ_logo.png?resize=174%2C50\" alt=\"\" width=\"174\" height=\"50\"  data-recalc-dims=\"1\">Az Akad\u00e9miai Kiad\u00f3 t\u00f6bb mint 60 refer\u00e1lt foly\u00f3irata teljes sz\u00f6veggel el\u00e9rhet\u0151 a t\u00f6bb tudom\u00e1ny\u00e1gra kiterjed\u0151 adatb\u00e1zisban.<\/p>\n<p><a href=\"https:\/\/akjournals.com\/collection\/Arts?submittedFilterId=by-type&amp;pageSize=10&amp;sort=datedescending&amp;type_2=journal\" target=\"_blank\" rel=\"noopener noreferrer\">Arts&amp;Humanities<\/a><\/p>\n\n\n\n<hr class=\"wp-block-separator\"\/>\n\n\n\n<h2><a href=\"https:\/\/www.szaktars.hu\/harmattan\/\" target=\"_blank\" rel=\"noopener noreferrer\">L&#8217;Harmattan Digit\u00e1lis Adatb\u00e1zis<\/a><\/h2>\n<p style=\"text-align: justify;\"><img loading=\"lazy\" decoding=\"async\" class=\"alignleft\" src=\"https:\/\/i0.wp.com\/minerva.mtak.hu\/wp-content\/uploads\/2020\/04\/szaktars_logo.png?resize=50%2C31\" alt=\"\" width=\"50\" height=\"31\"  data-recalc-dims=\"1\">A L\u2019Harmattan Kiad\u00f3 komplex digit\u00e1lis adatb\u00e1zisa. T\u00f6bb mint 1400, t\u00f6bbnyire magyar nyelv\u0171 b\u00f6lcs\u00e9szet- \u00e9s t\u00e1rsadalomtudom\u00e1nyi szakmunk\u00e1t, tank\u00f6nyvet \u00e9s forr\u00e1skiadv\u00e1nyt tartalmaz.<\/p>\n<p><a href=\"https:\/\/www.szaktars.hu\/harmattan\/books\/?tag=Nyelvtudom%C3%A1ny\" target=\"_blank\" rel=\"noopener noreferrer\">Nyelvtudom\u00e1ny<\/a><\/p>\n\n\n\n<hr class=\"wp-block-separator\"\/>\n\n\n\n<h2><a href=\"https:\/\/www.szaktars.hu\/osiris\/\" target=\"_blank\" rel=\"noopener noreferrer\">Osiris<\/a><\/h2>\n<p style=\"text-align: justify;\"><img loading=\"lazy\" decoding=\"async\" class=\"alignleft\" src=\"https:\/\/i0.wp.com\/minerva.mtak.hu\/wp-content\/uploads\/2020\/04\/szaktars_logo.png?resize=51%2C32\" alt=\"\" width=\"51\" height=\"32\"  data-recalc-dims=\"1\">A k\u00f6nyvkiad\u00f3 b\u00f6lcs\u00e9szet-, t\u00e1rsadalomtudom\u00e1nyi \u00e9s sz\u00e9pirodalmi kiadv\u00e1nyainak gy\u0171jtem\u00e9nye, t\u00f6bb mint 1700 magyar nyelv\u0171 k\u00f6tet teljes sz\u00f6veg\u0171 el\u00e9r\u00e9s\u00e9t teszi lehet\u0151v\u00e9.<\/p>\n<p><a href=\"https:\/\/www.szaktars.hu\/osiris\/?tag=Nyelv%C3%A9szet#books\" target=\"_blank\" rel=\"noopener noreferrer\">Nyelv\u00e9szet<\/a><\/p>\n\n\n\n<hr class=\"wp-block-separator\"\/>\n\n\n\n<h2><a href=\"http:\/\/cpps.brepolis.net\/aph\" target=\"_blank\" rel=\"noopener noreferrer\">L&#8217;Ann\u00e9e Philologique<\/a><\/h2>\n<p style=\"text-align: justify;\"><img loading=\"lazy\" decoding=\"async\" class=\"alignleft\" src=\"https:\/\/i0.wp.com\/minerva.mtak.hu\/wp-content\/uploads\/2020\/04\/lanneephil_logo.jpg?resize=50%2C75\" alt=\"\" width=\"50\" height=\"75\" data-recalc-dims=\"1\" \/>A nagy m\u00falt\u00fa \u00f3kortudom\u00e1nyi bibliogr\u00e1fia digit\u00e1lis v\u00e1ltozata, az \u00f6sszes k\u00f6tetet tartalmazza 1928-t\u00f3l kezdve. T\u00f6bb mint 1000, k\u00f6zt\u00fck sok magyar foly\u00f3iratot indexel.<\/p>\n\n\n\n<hr class=\"wp-block-separator\"\/>\n\n\n\n<h2><a href=\"https:\/\/wbis.degruyter.com\/autologin?user=mtakhu#\" target=\"_blank\" rel=\"noopener noreferrer\">World Biographical Information System Online<\/a> <em>(WBIS)<\/em><\/h2>\n<p><img loading=\"lazy\" decoding=\"async\" class=\"alignleft\" src=\"https:\/\/i0.wp.com\/minerva.mtak.hu\/wp-content\/uploads\/2020\/04\/de_gruyter_logo.jpg?w=300\" alt=\"\" width=\"50\" height=\"50\" \/>A De Gruyter kiad\u00f3 online adatbankja 30 nemzeti biogr\u00e1fiai adatb\u00e1zis egyes\u00edtett gy\u0171jtem\u00e9nye, k\u00f6zel 6.000.000 szem\u00e9lyr\u0151l tartalmaz \u00e9letrajzi adatokat a XVI. sz\u00e1zadt\u00f3l napjainkig.<\/p>\n\n\n\n<hr class=\"wp-block-separator\"\/>\n","protected":false},"excerpt":{"rendered":"<p>JSTOR Az egyik legnagyobb \u00e9s legkedveltebb arch\u00edv foly\u00f3irat-adatb\u00e1zis. 60 tudom\u00e1ny\u00e1g t\u00f6bb mint 2700 foly\u00f3irat\u00e1nak teljes sz\u00f6veg\u00e9t tartalmazza az utols\u00f3 2-5&#8230;<\/p>\n","protected":false},"author":2,"featured_media":0,"parent":0,"menu_order":0,"comment_status":"closed","ping_status":"closed","template":"","meta":{"footnotes":""},"aioseo_notices":[],"jetpack_sharing_enabled":true,"jetpack_shortlink":"https:\/\/wp.me\/Pb70B2-hJ","_links":{"self":[{"href":"https:\/\/minerva.mtak.hu\/index.php?rest_route=\/wp\/v2\/pages\/1099"}],"collection":[{"href":"https:\/\/minerva.mtak.hu\/index.php?rest_route=\/wp\/v2\/pages"}],"about":[{"href":"https:\/\/minerva.mtak.hu\/index.php?rest_route=\/wp\/v2\/types\/page"}],"author":[{"embeddable":true,"href":"https:\/\/minerva.mtak.hu\/index.php?rest_route=\/wp\/v2\/users\/2"}],"replies":[{"embeddable":true,"href":"https:\/\/minerva.mtak.hu\/index.php?rest_route=%2Fwp%2Fv2%2Fcomments&post=1099"}],"version-history":[{"count":9,"href":"https:\/\/minerva.mtak.hu\/index.php?rest_route=\/wp\/v2\/pages\/1099\/revisions"}],"predecessor-version":[{"id":1204,"href":"https:\/\/minerva.mtak.hu\/index.php?rest_route=\/wp\/v2\/pages\/1099\/revisions\/1204"}],"wp:attachment":[{"href":"https:\/\/minerva.mtak.hu\/index.php?rest_route=%2Fwp%2Fv2%2Fmedia&parent=1099"}],"curies":[{"name":"wp","href":"https:\/\/api.w.org\/{rel}","templated":true}]}}