{"id":1096,"date":"2020-04-24T17:24:30","date_gmt":"2020-04-24T15:24:30","guid":{"rendered":"http:\/\/minerva.mtak.hu\/?page_id=1096"},"modified":"2020-05-04T14:18:28","modified_gmt":"2020-05-04T12:18:28","slug":"elofizeteses-adatbazisok-az-mta-kik-ben-tortenelem","status":"publish","type":"page","link":"https:\/\/minerva.mtak.hu\/?page_id=1096","title":{"rendered":"El\u0151fizet\u00e9ses adatb\u00e1zisok az MTA KIK-ben &#8211; t\u00f6rt\u00e9nettudom\u00e1ny"},"content":{"rendered":"<h2><a href=\"https:\/\/jstor.org\" target=\"_blank\" rel=\"noopener noreferrer\">JSTOR<\/a><\/h2>\n<p style=\"text-align: justify;\"><img loading=\"lazy\" decoding=\"async\" class=\"alignleft\" src=\"https:\/\/i1.wp.com\/minerva.mtak.hu\/wp-content\/uploads\/2020\/04\/JSTOR_logo.png?zoom=2&amp;resize=177%2C221\" alt=\"\" width=\"50\" height=\"63\" \/>Az egyik legnagyobb \u00e9s legkedveltebb arch\u00edv foly\u00f3irat-adatb\u00e1zis. 60 tudom\u00e1ny\u00e1g t\u00f6bb mint 2700 foly\u00f3irat\u00e1nak teljes sz\u00f6veg\u00e9t tartalmazza az utols\u00f3 2-5 \u00e9v kiv\u00e9tel\u00e9vel.<\/p>\n<p><a style=\"font-size: inherit;\" href=\"https:\/\/www.jstor.org\/subject\/history\" target=\"_blank\" rel=\"noopener noreferrer\" data-code=\"history-discipline \">History<\/a> \u00a0&#8211; foly\u00f3iratok, k\u00f6nyvek, keres\u00e9s<\/p>\n<div class=\"row\">\n<div class=\"medium-4 columns\">\n<p><a href=\"https:\/\/www.jstor.org\/subject\/historyofscience\" target=\"_blank\" rel=\"noopener noreferrer\" data-code=\"historyofscience-discipline \">History of Science &amp; Technology<\/a> \u00a0&#8211; foly\u00f3iratok, k\u00f6nyvek, keres\u00e9s<\/p>\n<p><a href=\"https:\/\/www.jstor.org\/subject\/archeology\" target=\"_blank\" rel=\"noopener noreferrer\" data-code=\"archeology-discipline \">Archaeology<\/a> &#8211; foly\u00f3iratok, k\u00f6nyvek, keres\u00e9s<\/p>\n<\/div>\n<\/div>\n\n\n<hr class=\"wp-block-separator\"\/>\n\n\n<h2><a href=\"http:\/\/muse.jhu.edu\/\" target=\"_blank\" rel=\"noopener noreferrer\">Project Muse<\/a><\/h2>\n<p><img loading=\"lazy\" decoding=\"async\" class=\"alignleft\" src=\"https:\/\/i0.wp.com\/minerva.mtak.hu\/wp-content\/uploads\/2020\/04\/project-muse-logo.jpg?resize=300%2C205\" alt=\"\" width=\"73\" height=\"50\">Az adatb\u00e1zisban els\u0151sorban egyetemi kiad\u00f3k mintegy 700 foly\u00f3irata \u00e9rhet\u0151 el teljes sz\u00f6veggel.<\/p>\n<p><a href=\"https:\/\/muse.jhu.edu\/search?action=browse&amp;limit=subscription:n&amp;limit=discipline_id:47&amp;min=1&amp;max=10&amp;t=discipline_facet_select\" target=\"_blank\" rel=\"noopener noreferrer\">History<\/a> &#8211; foly\u00f3iratok, k\u00f6nyvek, b\u00f6ng\u00e9sz\u00e9s<\/p>\n<p><a href=\"https:\/\/muse.jhu.edu\/search?action=browse&amp;limit=subscription:n&amp;limit=discipline_id:168&amp;min=1&amp;max=10&amp;t=discipline_facet_select\" target=\"_blank\" rel=\"noopener noreferrer\">Archeology<\/a> &#8211; foly\u00f3iratok, k\u00f6nyvek, b\u00f6ng\u00e9sz\u00e9s<\/p>\n\n\n<hr class=\"wp-block-separator\"\/>\n\n\n\n<h2><a href=\"https:\/\/academic.oup.com\/journals\/pages\/arts_and_humanities\" target=\"_blank\" rel=\"noopener noreferrer\">Oxford University Press Journals<\/a> <em>(Arts &amp; Humanities)<\/em><\/h2>\n<p style=\"text-align: justify;\"><img loading=\"lazy\" decoding=\"async\" class=\"alignleft\" src=\"https:\/\/i1.wp.com\/minerva.mtak.hu\/wp-content\/uploads\/2020\/04\/OUP_logo.png?w=300\" alt=\"\" width=\"50\" height=\"50\" \/>A teljes sz\u00f6veg\u0171 b\u00f6lcs\u00e9szettudom\u00e1nyi foly\u00f3iratadatb\u00e1zisban t\u00f6bb mint 80 foly\u00f3irat \u00e9rhet\u0151 el 1996-t\u00f3l kezdve.<\/p>\n\n\n\n<hr class=\"wp-block-separator\"\/>\n\n\n\n<h2><a href=\"https:\/\/www.cambridge.org\/core\" target=\"_blank\" rel=\"noopener noreferrer\">Cambridge Journals<\/a> <em>(HSS Collection)<\/em><\/h2>\n<p style=\"text-align: justify;\"><img loading=\"lazy\" decoding=\"async\" class=\"alignleft\" src=\"https:\/\/i1.wp.com\/minerva.mtak.hu\/wp-content\/uploads\/2020\/04\/CUP_logo.jpg?w=360\" alt=\"\" width=\"50\" height=\"50\">Az adatb\u00e1zisban a Cambridge University Press t\u00f6bb mint 250 hum\u00e1n \u00e9s t\u00e1rsadalomtudom\u00e1nyi&nbsp; foly\u00f3irat\u00e1nak teljes sz\u00f6vege \u00e9rhet\u0151 el 2014-2019-ig.<\/p>\n<p><a href=\"https:\/\/www.cambridge.org\/core\/browse-subjects\/history\" target=\"_blank\" rel=\"noopener noreferrer\">History<\/a><\/p>\n<p><a href=\"https:\/\/www.cambridge.org\/core\/browse-subjects\/archaeology\" target=\"_blank\" rel=\"noopener noreferrer\">Archaeology<\/a><\/p>\n\n\n\n<hr class=\"wp-block-separator\"\/>\n\n\n\n<h2><a href=\"https:\/\/www.degruyter.com\/browse?type_0=journals\" target=\"_blank\" rel=\"noopener noreferrer\">De Gruyter Journals<\/a> <em>(SSH Package)<\/em><\/h2>\n<p style=\"text-align: justify;\"><img loading=\"lazy\" decoding=\"async\" class=\"alignleft\" src=\"https:\/\/i0.wp.com\/minerva.mtak.hu\/wp-content\/uploads\/2020\/04\/de_gruyter_logo.jpg?w=300\" alt=\"\" width=\"50\" height=\"50\">De Gruyter kiad\u00f3 t\u00f6bb mint 350 online hum\u00e1n \u00e9s t\u00e1rsadalomtudom\u00e1nyi foly\u00f3irat\u00e1t \u00e9s tov\u00e1bbi 400 open access foly\u00f3iratot tartalmaz 1995-t\u0151l napjainkig.<\/p>\n\n\n\n<hr class=\"wp-block-separator\"\/>\n\n\n\n<h2><a href=\"http:\/\/akademiai.com\/\" target=\"_blank\" rel=\"noopener noreferrer\">Az Akad\u00e9miai Kiad\u00f3 foly\u00f3iratai<\/a><\/h2>\n<p style=\"text-align: justify;\"><img loading=\"lazy\" decoding=\"async\" class=\"alignleft\" src=\"https:\/\/i0.wp.com\/minerva.mtak.hu\/wp-content\/uploads\/2020\/04\/AKJ_logo.png?resize=174%2C50\" alt=\"\" width=\"174\" height=\"50\"  data-recalc-dims=\"1\">Az Akad\u00e9miai Kiad\u00f3 t\u00f6bb mint 60 refer\u00e1lt foly\u00f3irata teljes sz\u00f6veggel el\u00e9rhet\u0151 a t\u00f6bb tudom\u00e1ny\u00e1gra kiterjed\u0151 adatb\u00e1zisban.<\/p>\n<p><a href=\"https:\/\/akjournals.com\/collection\/Arts?submittedFilterId=by-type&amp;pageSize=10&amp;sort=datedescending&amp;type_2=journal\" target=\"_blank\" rel=\"noopener noreferrer\">Arts&amp;Humanities<\/a><\/p>\n\n\n\n<hr class=\"wp-block-separator\"\/>\n\n\n\n<h2><a href=\"https:\/\/www.szaktars.hu\/harmattan\/\" target=\"_blank\" rel=\"noopener noreferrer\">L&#8217;Harmattan Digit\u00e1lis Adatb\u00e1zis<\/a><\/h2>\n<p style=\"text-align: justify;\"><img loading=\"lazy\" decoding=\"async\" class=\"alignleft\" src=\"https:\/\/i0.wp.com\/minerva.mtak.hu\/wp-content\/uploads\/2020\/04\/szaktars_logo.png?resize=50%2C31\" alt=\"\" width=\"50\" height=\"31\"  data-recalc-dims=\"1\">A L\u2019Harmattan Kiad\u00f3 komplex digit\u00e1lis adatb\u00e1zisa. T\u00f6bb mint 1400, t\u00f6bbnyire magyar nyelv\u0171 b\u00f6lcs\u00e9szet- \u00e9s t\u00e1rsadalomtudom\u00e1nyi szakmunk\u00e1t, tank\u00f6nyvet \u00e9s forr\u00e1skiadv\u00e1nyt tartalmaz.<\/p>\n<p><a href=\"https:\/\/www.szaktars.hu\/harmattan\/books\/?tag=R%C3%A9g%C3%A9szet\" target=\"_blank\" rel=\"noopener noreferrer\">R\u00e9g\u00e9szet<\/a><\/p>\n<p><a href=\"https:\/\/www.szaktars.hu\/harmattan\/books\/?tag=T%C3%B6rt%C3%A9nelem%20-%20Magyar\" target=\"_blank\" rel=\"noopener noreferrer\">Magyar t\u00f6rt\u00e9nelem<\/a><\/p>\n<p><a href=\"https:\/\/www.szaktars.hu\/harmattan\/books\/?tag=T%C3%B6rt%C3%A9nelem%20-%20Vil%C3%A1g\" target=\"_blank\" rel=\"noopener noreferrer\">Egyetemes t\u00f6rt\u00e9nelem<\/a><\/p>\n\n\n\n<hr class=\"wp-block-separator\"\/>\n\n\n\n<h2><a href=\"https:\/\/www.szaktars.hu\/osiris\/\" target=\"_blank\" rel=\"noopener noreferrer\">Osiris<\/a><\/h2>\n<p style=\"text-align: justify;\"><img loading=\"lazy\" decoding=\"async\" class=\"alignleft\" src=\"https:\/\/i0.wp.com\/minerva.mtak.hu\/wp-content\/uploads\/2020\/04\/szaktars_logo.png?resize=51%2C32\" alt=\"\" width=\"51\" height=\"32\"  data-recalc-dims=\"1\">A k\u00f6nyvkiad\u00f3 b\u00f6lcs\u00e9szet-, t\u00e1rsadalomtudom\u00e1nyi \u00e9s sz\u00e9pirodalmi kiadv\u00e1nyainak gy\u0171jtem\u00e9nye, t\u00f6bb mint 1700 magyar nyelv\u0171 k\u00f6tet teljes sz\u00f6veg\u0171 el\u00e9r\u00e9s\u00e9t teszi lehet\u0151v\u00e9.<\/p>\n<p><a href=\"https:\/\/www.szaktars.hu\/osiris\/?tag=T%C3%B6rt%C3%A9nelem#books\" target=\"_blank\" rel=\"noopener noreferrer\">T\u00f6rt\u00e9nelem<\/a><\/p>\n\n\n\n<hr class=\"wp-block-separator\"\/>\n\n\n\n<h2><a href=\"https:\/\/link.springer.com\/\" target=\"_blank\" rel=\"noopener noreferrer\">SpringerLink<\/a><\/h2>\n<p style=\"text-align: justify;\"><img loading=\"lazy\" decoding=\"async\" class=\"alignleft\" src=\"https:\/\/i0.wp.com\/minerva.mtak.hu\/wp-content\/uploads\/2020\/04\/springer_logo.png?resize=51%2C51\" alt=\"\" width=\"51\" height=\"51\"  data-recalc-dims=\"1\">A Springer Nature kiad\u00f3 teljes sz\u00f6veg\u0171 multidiszciplin\u00e1ris adatb\u00e1zisa 9 milli\u00f3 tanulm\u00e1nyt tartalmaz 1997-t\u0151l napjainkig, els\u0151sorban m\u0171szaki term\u00e9szet- \u00e9s orvostudom\u00e1nyi ter\u00fcleten.<\/p>\n<p><a href=\"https:\/\/link.springer.com\/search?facet-discipline=%22History%22&amp;just-selected-from-overlay=facet-discipline&amp;just-selected-from-overlay-value=%22History%22\" target=\"_blank\" rel=\"noopener noreferrer\">History<\/a><\/p>\n\n\n\n<hr class=\"wp-block-separator\"\/>\n\n\n\n<h2><a href=\"http:\/\/cpps.brepolis.net\/aph\" target=\"_blank\" rel=\"noopener noreferrer\">L&#8217;Ann\u00e9e Philologique<\/a><\/h2>\n<p style=\"text-align: justify;\"><img loading=\"lazy\" decoding=\"async\" class=\"alignleft\" src=\"https:\/\/i0.wp.com\/minerva.mtak.hu\/wp-content\/uploads\/2020\/04\/lanneephil_logo.jpg?resize=50%2C75\" alt=\"\" width=\"50\" height=\"75\"  data-recalc-dims=\"1\">A nagy m\u00falt\u00fa \u00f3kortudom\u00e1nyi bibliogr\u00e1fia digit\u00e1lis v\u00e1ltozata, az \u00f6sszes k\u00f6tetet tartalmazza 1928-t\u00f3l kezdve. T\u00f6bb mint 1000, k\u00f6zt\u00fck sok magyar foly\u00f3iratot indexel.<\/p>\n\n\n\n<hr class=\"wp-block-separator\"\/>\n\n\n\n<h2><a href=\"https:\/\/wbis.degruyter.com\/autologin?user=mtakhu#\" target=\"_blank\" rel=\"noopener noreferrer\">World Biographical Information System Online<\/a> <em>(WBIS)<\/em><\/h2>\n<p><img loading=\"lazy\" decoding=\"async\" class=\"alignleft\" src=\"https:\/\/i0.wp.com\/minerva.mtak.hu\/wp-content\/uploads\/2020\/04\/de_gruyter_logo.jpg?w=300\" alt=\"\" width=\"50\" height=\"50\">A De Gruyter kiad\u00f3 online adatbankja 30 nemzeti biogr\u00e1fiai adatb\u00e1zis egyes\u00edtett gy\u0171jtem\u00e9nye, k\u00f6zel 6.000.000 szem\u00e9lyr\u0151l tartalmaz \u00e9letrajzi adatokat a XVI. sz\u00e1zadt\u00f3l napjainkig.<\/p>\n\n\n\n<hr class=\"wp-block-separator\"\/>\n\n\n\n<h2>Der Neue Pauly \/ New Pauly<\/h2>\n<p style=\"text-align: justify;\"><img loading=\"lazy\" decoding=\"async\" class=\"alignleft\" src=\"https:\/\/i1.wp.com\/minerva.mtak.hu\/wp-content\/uploads\/2020\/04\/pauly_logo.jpg?resize=70%2C50\" alt=\"\" width=\"70\" height=\"50\">\u00d3kortudom\u00e1nyi adatb\u00e1zis, a&nbsp;<i>Realencyclop\u00e4die der Classischen Altertumswissenschaft&nbsp;<\/i>c\u00edm\u0171 enciklop\u00e9dia r\u00f6vid\u00edtett \u00e9s aktualiz\u00e1lt 18 k\u00f6tetes kiad\u00e1s\u00e1nak teljes sz\u00f6veg\u00e9t tartalmazza n\u00e9met, ill. angol nyelven.<\/p>\n<p style=\"text-align: justify;\"><strong><a href=\"http:\/\/referenceworks.brillonline.com\/browse\/der-neue-pauly\" target=\"_blank\" rel=\"noopener noreferrer\">Der Neue Pauly: Enzyklop\u00e4die der Antike<\/a><\/strong><\/p>\n<p style=\"text-align: justify;\"><strong><a href=\"http:\/\/referenceworks.brillonline.com\/browse\/brill-s-new-pauly\" target=\"_blank\" rel=\"noopener noreferrer\">New Pauly: Encyclopedia of the Ancient World<\/a><\/strong><\/p>\n\n\n\n<hr class=\"wp-block-separator\"\/>\n\n\n\n<h2><a class=\"textlink\" href=\"http:\/\/vha.usc.edu\/login\" target=\"_blank\" rel=\"noopener noreferrer\"><strong>USC SO\u00c1 Foundation Visual History Archive<\/strong><\/a><em><strong> (VHA)<\/strong><\/em><\/h2>\n<p style=\"text-align: justify;\"><img loading=\"lazy\" decoding=\"async\" class=\"alignleft\" src=\"https:\/\/i0.wp.com\/minerva.mtak.hu\/wp-content\/uploads\/2020\/04\/USC_logo.png?resize=50%2C62\" alt=\"\" width=\"50\" height=\"62\"  data-recalc-dims=\"1\">Az Arch\u00edvum t\u00f6bb mint 55 ezer, a n\u00e9pirt\u00e1sok t\u00fal\u00e9l\u0151ivel \u00e9s szemtan\u00faival felvett vide\u00f3interj\u00fat tartalmaz. Az adatb\u00e1zisban t\u00f6bb ezer magyar vonatkoz\u00e1s\u00fa felv\u00e9tel is tal\u00e1lhat\u00f3.<\/p>\n\n\n\n<hr class=\"wp-block-separator\"\/>\n\n\n\n<h2 class=\"page-title\"><a href=\"https:\/\/referenceworks.brillonline.com\/cluster\/Jacoby%20Online\" target=\"_blank\" rel=\"noopener noreferrer\">Jacoby Online<\/a><\/h2>\n<p style=\"text-align: justify;\"><img loading=\"lazy\" decoding=\"async\" class=\"alignleft\" src=\"https:\/\/i0.wp.com\/minerva.mtak.hu\/wp-content\/uploads\/2020\/05\/jacoby_logo.jpg?resize=68%2C50\" alt=\"\" width=\"68\" height=\"50\"  data-recalc-dims=\"1\">\u00d3kortudom\u00e1nyi sz\u00f6veggy\u0171jtem\u00e9ny, a Felix Jacoby \u00e1ltal \u00edrt <i>Die Fragmente der Griechischen Historiker I-III. <\/i>b\u0151v\u00edtett \u00e9s \u00e1tdolgozott angol nyelv\u0171 online v\u00e1ltozata.<\/p>\n\n\n\n<hr class=\"wp-block-separator\"\/>\n\n\n\n<h2><a href=\"http:\/\/primarysources.brillonline.com\/browse\/western-travellers-in-the-islamic-world\" target=\"_blank\" rel=\"noopener noreferrer\"><b>Western Travellers in the Islamic World<\/b><\/a><\/h2>\n<p style=\"text-align: justify;\"><img loading=\"lazy\" decoding=\"async\" class=\"alignleft\" src=\"https:\/\/i0.wp.com\/minerva.mtak.hu\/wp-content\/uploads\/2020\/05\/WT_logo.jpg?resize=69%2C50\" alt=\"\" width=\"69\" height=\"50\" data-recalc-dims=\"1\" \/>&#8222;Kelet&#8221; \u00e9s &#8222;Nyugat&#8221; k\u00f6z\u00f6tti t\u00f6rt\u00e9nelmi kapcsolatok kutat\u00e1s\u00e1nak n\u00e9pszer\u0171 forr\u00e1sa.<\/p>\n\n\n\n<hr class=\"wp-block-separator\"\/>\n","protected":false},"excerpt":{"rendered":"<p>JSTOR Az egyik legnagyobb \u00e9s legkedveltebb arch\u00edv foly\u00f3irat-adatb\u00e1zis. 60 tudom\u00e1ny\u00e1g t\u00f6bb mint 2700 foly\u00f3irat\u00e1nak teljes sz\u00f6veg\u00e9t tartalmazza az utols\u00f3 2-5&#8230;<\/p>\n","protected":false},"author":2,"featured_media":0,"parent":0,"menu_order":0,"comment_status":"closed","ping_status":"closed","template":"","meta":{"footnotes":""},"aioseo_notices":[],"jetpack_sharing_enabled":true,"jetpack_shortlink":"https:\/\/wp.me\/Pb70B2-hG","_links":{"self":[{"href":"https:\/\/minerva.mtak.hu\/index.php?rest_route=\/wp\/v2\/pages\/1096"}],"collection":[{"href":"https:\/\/minerva.mtak.hu\/index.php?rest_route=\/wp\/v2\/pages"}],"about":[{"href":"https:\/\/minerva.mtak.hu\/index.php?rest_route=\/wp\/v2\/types\/page"}],"author":[{"embeddable":true,"href":"https:\/\/minerva.mtak.hu\/index.php?rest_route=\/wp\/v2\/users\/2"}],"replies":[{"embeddable":true,"href":"https:\/\/minerva.mtak.hu\/index.php?rest_route=%2Fwp%2Fv2%2Fcomments&post=1096"}],"version-history":[{"count":12,"href":"https:\/\/minerva.mtak.hu\/index.php?rest_route=\/wp\/v2\/pages\/1096\/revisions"}],"predecessor-version":[{"id":1253,"href":"https:\/\/minerva.mtak.hu\/index.php?rest_route=\/wp\/v2\/pages\/1096\/revisions\/1253"}],"wp:attachment":[{"href":"https:\/\/minerva.mtak.hu\/index.php?rest_route=%2Fwp%2Fv2%2Fmedia&parent=1096"}],"curies":[{"name":"wp","href":"https:\/\/api.w.org\/{rel}","templated":true}]}}